{"id":4406073,"date":"2024-12-04T07:19:16","date_gmt":"2024-12-04T06:19:16","guid":{"rendered":"https:\/\/test.bogensperk.si\/dozivetja\/"},"modified":"2025-03-15T07:36:58","modified_gmt":"2025-03-15T06:36:58","slug":"erlebnisse","status":"publish","type":"page","link":"https:\/\/bogensperk.si\/de\/erlebnisse\/","title":{"rendered":"Erlebnisse"},"content":{"rendered":"<p>[et_pb_section fb_built=&#8220;1&#8243; custom_padding_last_edited=&#8220;off|desktop&#8220; admin_label=&#8220;Header&#8220; _builder_version=&#8220;4.27.4&#8243; _module_preset=&#8220;default&#8220; background_color=&#8220;#f6efe7&#8243; background_enable_color=&#8220;off&#8220; background_image=&#8220;https:\/\/bogensperk.si\/wp-content\/uploads\/2025\/02\/izrez-pogled-na-teraso-scaled.jpg&#8220; min_height=&#8220;600px&#8220; overflow-x=&#8220;hidden&#8220; overflow-y=&#8220;hidden&#8220; custom_padding_tablet=&#8220;150px||150px||true|false&#8220; custom_padding_phone=&#8220;80px||80px||true|false&#8220; global_colors_info=&#8220;{}&#8220;][et_pb_row column_structure=&#8220;3_5,2_5&#8243; _builder_version=&#8220;4.27.0&#8243; _module_preset=&#8220;default&#8220; global_colors_info=&#8220;{}&#8220;][et_pb_column type=&#8220;3_5&#8243; _builder_version=&#8220;4.16&#8243; _module_preset=&#8220;default&#8220; z_index=&#8220;10&#8243; global_colors_info=&#8220;{}&#8220;][et_pb_text _builder_version=&#8220;4.27.4&#8243; _module_preset=&#8220;d72c0383-6487-4f2c-ac5c-7d48a6376757&#8243; header_font=&#8220;&#8211;et_global_heading_font||||||||&#8220; header_text_color=&#8220;#FFFFFF&#8220; header_font_size=&#8220;100px&#8220; header_line_height=&#8220;1.1em&#8220; header_font_size_tablet=&#8220;60px&#8220; header_font_size_phone=&#8220;42px&#8220; header_font_size_last_edited=&#8220;on|phone&#8220; header_text_shadow_style=&#8220;preset1&#8243; locked=&#8220;off&#8220; global_colors_info=&#8220;{}&#8220;]<\/p>\n<h1 style=\"text-align: center;\">Erlebnisse<\/h1>\n<p>[\/et_pb_text][\/et_pb_column][et_pb_column type=&#8220;2_5&#8243; _builder_version=&#8220;4.16&#8243; _module_preset=&#8220;default&#8220; global_colors_info=&#8220;{}&#8220;][\/et_pb_column][\/et_pb_row][\/et_pb_section][et_pb_section fb_built=&#8220;1&#8243; admin_label=&#8220;Na kratko&#8220; _builder_version=&#8220;4.27.2&#8243; _module_preset=&#8220;default&#8220; background_color=&#8220;#5D201C&#8220; custom_margin=&#8220;||||false|false&#8220; custom_padding=&#8220;||||false|false&#8220; top_divider_color=&#8220;#FFFFFF&#8220; collapsed=&#8220;off&#8220; global_colors_info=&#8220;{}&#8220;][et_pb_row _builder_version=&#8220;4.16&#8243; _module_preset=&#8220;default&#8220; max_width=&#8220;1360px&#8220; collapsed=&#8220;off&#8220; global_colors_info=&#8220;{}&#8220;][et_pb_column type=&#8220;4_4&#8243; _builder_version=&#8220;4.16&#8243; _module_preset=&#8220;default&#8220; global_colors_info=&#8220;{}&#8220;][et_pb_divider color=&#8220;RGBA(0,0,0,0)&#8220; divider_weight=&#8220;30px&#8220; _builder_version=&#8220;4.27.0&#8243; _module_preset=&#8220;default&#8220; background_image=&#8220;https:\/\/bogensperk.si\/wp-content\/uploads\/2024\/07\/museum-12.png&#8220; background_size=&#8220;contain&#8220; background_repeat=&#8220;repeat-x&#8220; min_height=&#8220;30px&#8220; border_color_all=&#8220;#000000&#8243; global_colors_info=&#8220;{}&#8220;][\/et_pb_divider][et_pb_text _builder_version=&#8220;4.27.4&#8243; _module_preset=&#8220;c6d6f7af-6ac8-4ba6-9488-2a218606aaa8&#8243; text_text_color=&#8220;#FFFFFF&#8220; header_2_font=&#8220;Trirong|500|||||||&#8220; header_2_text_color=&#8220;#000000&#8243; header_2_font_size=&#8220;100px&#8220; header_2_line_height=&#8220;1.2em&#8220; text_orientation=&#8220;center&#8220; hover_enabled=&#8220;0&#8243; header_2_font_size_tablet=&#8220;65px&#8220; header_2_font_size_phone=&#8220;28px&#8220; header_2_font_size_last_edited=&#8220;on|phone&#8220; locked=&#8220;off&#8220; global_colors_info=&#8220;{}&#8220; sticky_enabled=&#8220;0&#8243;]<\/p>\n<p>Das Schloss Bogen\u0161perk wird Sie mit einem Spektrum an Erlebnissen verzaubern. Neben dem Besuch der Museumsausstellungen k\u00f6nnen Sie in unserem Museumsshop aus einzigartigen handgefertigten Souvenirs von einheimischen Handwerkern, Kr\u00e4uterexperten und Grafikern w\u00e4hlen, die aktuelle Ausstellung in der Galerie des Schlosses Bogen\u0161perk sowie in der kleinsten Schlossgalerie der Welt besichtigen. F\u00fcr Feinschmecker empfehlen wir einen Besuch im Restaurant Kr\u010dma na gradu und des Weinkellers mit Weinen und Sekten der Schlosslinie Wagen sowie edlen Weinen aus den besten slowenischen Weinregionen, begleitet von K\u00e4se und Wurstwaren lokaler Hersteller.<\/p>\n<p>[\/et_pb_text][\/et_pb_column][\/et_pb_row][\/et_pb_section][et_pb_section fb_built=&#8220;1&#8243; admin_label=&#8220;Texts&#8220; _builder_version=&#8220;4.27.0&#8243; _module_preset=&#8220;default&#8220; background_color=&#8220;RGBA(255,255,255,0)&#8220; collapsed=&#8220;off&#8220; global_colors_info=&#8220;{}&#8220;][et_pb_row column_structure=&#8220;1_2,1_2&#8243; admin_label=&#8220;Vinska klet&#8220; _builder_version=&#8220;4.27.4&#8243; _module_preset=&#8220;default&#8220; collapsed=&#8220;off&#8220; global_colors_info=&#8220;{}&#8220;][et_pb_column type=&#8220;1_2&#8243; _builder_version=&#8220;4.16&#8243; _module_preset=&#8220;default&#8220; global_colors_info=&#8220;{}&#8220;][et_pb_image src=&#8220;https:\/\/bogensperk.si\/wp-content\/uploads\/2025\/02\/Foto-12-scaled.jpg&#8220; alt=&#8220;Grajska knji\u017enica Bogen\u0161perk&#8220; title_text=&#8220;Foto 12&#8243; _builder_version=&#8220;4.27.4&#8243; _module_preset=&#8220;default&#8220; global_colors_info=&#8220;{}&#8220;][\/et_pb_image][\/et_pb_column][et_pb_column type=&#8220;1_2&#8243; _builder_version=&#8220;4.16&#8243; _module_preset=&#8220;default&#8220; global_colors_info=&#8220;{}&#8220;][et_pb_text _builder_version=&#8220;4.27.4&#8243; _module_preset=&#8220;c6d6f7af-6ac8-4ba6-9488-2a218606aaa8&#8243; header_2_font=&#8220;&#8211;et_global_heading_font|500|||||||&#8220; header_2_text_color=&#8220;#5D201C&#8220; header_2_font_size=&#8220;40px&#8220; header_2_line_height=&#8220;1.2em&#8220; custom_margin=&#8220;||0px||false|false&#8220; header_2_font_size_tablet=&#8220;65px&#8220; header_2_font_size_phone=&#8220;28px&#8220; header_2_font_size_last_edited=&#8220;on|phone&#8220; locked=&#8220;off&#8220; global_colors_info=&#8220;{}&#8220;]<\/p>\n<h2>Weinkeller<\/h2>\n<p>[\/et_pb_text][et_pb_text _builder_version=&#8220;4.27.4&#8243; _module_preset=&#8220;16a54059-cc81-4572-9c70-eda6a6c419bf&#8220; text_font=&#8220;&#8211;et_global_body_font||||||||&#8220; text_text_color=&#8220;#000000&#8243; hover_enabled=&#8220;0&#8243; text_font_size_tablet=&#8220;15px&#8220; text_font_size_phone=&#8220;14px&#8220; text_font_size_last_edited=&#8220;on|phone&#8220; header_font_size_tablet=&#8220;55px&#8220; header_font_size_last_edited=&#8220;off|desktop&#8220; locked=&#8220;off&#8220; global_colors_info=&#8220;{}&#8220; sticky_enabled=&#8220;0&#8243;]<\/p>\n<p>Auf Schloss Bogen\u0161perk k\u00f6nnen Sie ein hervorragendes Wein- und kulinarisches Erlebnis in einem charmant eingerichteten Keller genie\u00dfen, der bereits von Janez Vajkard Valvasor genutzt wurde. Eine sorgf\u00e4ltig ausgew\u00e4hlte Auswahl slowenischer Weine wird durch unsere eigene Wein- und Sektmarke Wagensperg erg\u00e4nzt.<\/p>\n<p>Der Weinkeller Bogen\u0161perk, in den lebendigen Felsen eingebaut und mit einem ber\u00fchmten Durchgang zum Brunnen verbunden, bietet eine authentische Verkostung der edelsten Weine slowenischer Winzer, begleitet von K\u00e4se und Wurstwaren lokaler Produzenten. Neben den Weinen und dem Sekt unserer eigenen Marke Wagensperg werden auch ausgew\u00e4hlte Weine von Winzern aus den Weinkellern von Gori\u0161ka Brda, Metlika, Slap aus dem Vipava-Tal, Podravje und der \u00f6rtlichen Winzergenossenschaft \u0160TUC in unseren Weingl\u00e4sern pr\u00e4sentiert.<\/p>\n<p>[\/et_pb_text][\/et_pb_column][\/et_pb_row][\/et_pb_section][et_pb_section fb_built=&#8220;1&#8243; admin_label=&#8220;Schedule&#8220; _builder_version=&#8220;4.27.2&#8243; _module_preset=&#8220;default&#8220; background_color=&#8220;#5D201C&#8220; custom_padding=&#8220;||||false|false&#8220; locked=&#8220;off&#8220; global_colors_info=&#8220;{}&#8220;][et_pb_row column_structure=&#8220;1_2,1_2&#8243; admin_label=&#8220;kr\u010dma&#8220; _builder_version=&#8220;4.27.4&#8243; _module_preset=&#8220;default&#8220; collapsed=&#8220;off&#8220; global_colors_info=&#8220;{}&#8220;][et_pb_column type=&#8220;1_2&#8243; _builder_version=&#8220;4.16&#8243; _module_preset=&#8220;default&#8220; global_colors_info=&#8220;{}&#8220;][et_pb_text _builder_version=&#8220;4.27.4&#8243; _module_preset=&#8220;c6d6f7af-6ac8-4ba6-9488-2a218606aaa8&#8243; header_2_font=&#8220;&#8211;et_global_heading_font|500|||||||&#8220; header_2_text_color=&#8220;#FFFFFF&#8220; header_2_font_size=&#8220;40px&#8220; header_2_line_height=&#8220;1.2em&#8220; custom_margin=&#8220;||0px||false|false&#8220; header_2_font_size_tablet=&#8220;65px&#8220; header_2_font_size_phone=&#8220;28px&#8220; header_2_font_size_last_edited=&#8220;on|phone&#8220; locked=&#8220;off&#8220; global_colors_info=&#8220;{}&#8220;]<\/p>\n<h2>Kr\u010dma na gradu Bogen\u0161perk<\/h2>\n<p>[\/et_pb_text][et_pb_text _builder_version=&#8220;4.27.4&#8243; _module_preset=&#8220;16a54059-cc81-4572-9c70-eda6a6c419bf&#8220; text_font=&#8220;&#8211;et_global_body_font||||||||&#8220; text_text_color=&#8220;#FFFFFF&#8220; hover_enabled=&#8220;0&#8243; text_font_size_tablet=&#8220;15px&#8220; text_font_size_phone=&#8220;14px&#8220; text_font_size_last_edited=&#8220;on|phone&#8220; header_font_size_tablet=&#8220;55px&#8220; header_font_size_last_edited=&#8220;off|desktop&#8220; locked=&#8220;off&#8220; global_colors_info=&#8220;{}&#8220; sticky_enabled=&#8220;0&#8243;]<\/p>\n<p>Im Restaurant Kr\u010dma na gradu Bogen\u0161perk k\u00f6nnen Sie sich echte kulinarische Gen\u00fcsse g\u00f6nnen oder einfach bei einem Getr\u00e4nk und vielleicht einem s\u00fc\u00dfen Snack verweilen. In den w\u00e4rmeren Monaten k\u00f6nnen Sie die authentischen Aromen im Freien genie\u00dfen, im wundersch\u00f6nen Schutz der Schlossmauern, des Blumengartens und der Schlosswiese. In den k\u00fchleren Monaten wird Sie das authentische Ambiente der Gastst\u00e4tte mit Platz f\u00fcr bis zu 50 Personen in die Schlossatmosph\u00e4re eintauchen lassen. Es ist auch ideal f\u00fcr geschlossene Gesellschaften, Jubil\u00e4en oder Hochzeitsfeiern.<\/p>\n<p>[\/et_pb_text][\/et_pb_column][et_pb_column type=&#8220;1_2&#8243; _builder_version=&#8220;4.16&#8243; _module_preset=&#8220;default&#8220; global_colors_info=&#8220;{}&#8220;][et_pb_image src=&#8220;https:\/\/bogensperk.si\/wp-content\/uploads\/2025\/02\/20200131_133819-scaled.jpg&#8220; title_text=&#8220;20200131_133819&#8243; _builder_version=&#8220;4.27.4&#8243; _module_preset=&#8220;default&#8220; global_colors_info=&#8220;{}&#8220;][\/et_pb_image][\/et_pb_column][\/et_pb_row][\/et_pb_section][et_pb_section fb_built=&#8220;1&#8243; admin_label=&#8220;predavalnica&#8220; _builder_version=&#8220;4.27.0&#8243; _module_preset=&#8220;default&#8220; background_color=&#8220;RGBA(255,255,255,0)&#8220; collapsed=&#8220;on&#8220; global_colors_info=&#8220;{}&#8220;][et_pb_row column_structure=&#8220;1_2,1_2&#8243; admin_label=&#8220;cvetli\u010dni vrt&#8220; _builder_version=&#8220;4.27.4&#8243; _module_preset=&#8220;default&#8220; global_colors_info=&#8220;{}&#8220;][et_pb_column type=&#8220;1_2&#8243; _builder_version=&#8220;4.16&#8243; _module_preset=&#8220;default&#8220; global_colors_info=&#8220;{}&#8220;][et_pb_image src=&#8220;https:\/\/bogensperk.si\/wp-content\/uploads\/2025\/02\/IMG_20210731_111750-1.jpg&#8220; alt=&#8220;Grajska knji\u017enica Bogen\u0161perk&#8220; title_text=&#8220;IMG_20210731_111750&#8243; _builder_version=&#8220;4.27.4&#8243; _module_preset=&#8220;default&#8220; global_colors_info=&#8220;{}&#8220;][\/et_pb_image][\/et_pb_column][et_pb_column type=&#8220;1_2&#8243; _builder_version=&#8220;4.16&#8243; _module_preset=&#8220;default&#8220; global_colors_info=&#8220;{}&#8220;][et_pb_text _builder_version=&#8220;4.27.4&#8243; _module_preset=&#8220;c6d6f7af-6ac8-4ba6-9488-2a218606aaa8&#8243; header_2_font=&#8220;&#8211;et_global_heading_font|500|||||||&#8220; header_2_text_color=&#8220;#5D201C&#8220; header_2_font_size=&#8220;40px&#8220; header_2_line_height=&#8220;1.2em&#8220; custom_margin=&#8220;||0px||false|false&#8220; header_2_font_size_tablet=&#8220;65px&#8220; header_2_font_size_phone=&#8220;28px&#8220; header_2_font_size_last_edited=&#8220;on|phone&#8220; locked=&#8220;off&#8220; global_colors_info=&#8220;{}&#8220;]<\/p>\n<h2>Blumengarten \u2013 garkelj<\/h2>\n<p>[\/et_pb_text][et_pb_text _builder_version=&#8220;4.27.4&#8243; _module_preset=&#8220;16a54059-cc81-4572-9c70-eda6a6c419bf&#8220; text_font=&#8220;&#8211;et_global_body_font||||||||&#8220; text_text_color=&#8220;#000000&#8243; hover_enabled=&#8220;0&#8243; text_font_size_tablet=&#8220;15px&#8220; text_font_size_phone=&#8220;14px&#8220; text_font_size_last_edited=&#8220;on|phone&#8220; header_font_size_tablet=&#8220;55px&#8220; header_font_size_last_edited=&#8220;off|desktop&#8220; locked=&#8220;off&#8220; global_colors_info=&#8220;{}&#8220; sticky_enabled=&#8220;0&#8243;]<\/p>\n<p>Im s\u00fcd\u00f6stlichen Teil des Schlossgel\u00e4ndes k\u00f6nnen die Besucher einen Besichtigungsgang durch den Blumengarten unternehmen. Der Garten wurde im Rahmen des Projekts \u201eBlumenkultur auf dem Land\u201c in Zusammenarbeit mit dem Arboretum Vol\u010dji Potok angelegt. Er ist mit Pflanzen eines ehemaligen l\u00e4ndlichen Gartens bepflanzt, der auch als \u201eGarkelj\u201c oder \u201eGarteljc\u201c bekannt ist. Zwischen duftenden Blumen k\u00f6nnen Sie Hasen, Ringelblumen, Dahlien, Pelargonien, Petunien, Zinnien und Tagetes entdecken.<\/p>\n<p>[\/et_pb_text][\/et_pb_column][\/et_pb_row][\/et_pb_section][et_pb_section fb_built=&#8220;1&#8243; admin_label=&#8220;Schedule&#8220; _builder_version=&#8220;4.27.2&#8243; _module_preset=&#8220;default&#8220; background_color=&#8220;#5D201C&#8220; custom_padding=&#8220;||||false|false&#8220; locked=&#8220;off&#8220; collapsed=&#8220;on&#8220; global_colors_info=&#8220;{}&#8220;][et_pb_row column_structure=&#8220;1_2,1_2&#8243; admin_label=&#8220;Bogen\u010dara&#8220; _builder_version=&#8220;4.27.4&#8243; _module_preset=&#8220;default&#8220; global_colors_info=&#8220;{}&#8220;][et_pb_column type=&#8220;1_2&#8243; _builder_version=&#8220;4.16&#8243; _module_preset=&#8220;default&#8220; global_colors_info=&#8220;{}&#8220;][et_pb_text _builder_version=&#8220;4.27.4&#8243; _module_preset=&#8220;c6d6f7af-6ac8-4ba6-9488-2a218606aaa8&#8243; header_2_font=&#8220;&#8211;et_global_heading_font|500|||||||&#8220; header_2_text_color=&#8220;#FFFFFF&#8220; header_2_font_size=&#8220;40px&#8220; header_2_line_height=&#8220;1.2em&#8220; custom_margin=&#8220;||0px||false|false&#8220; header_2_font_size_tablet=&#8220;65px&#8220; header_2_font_size_phone=&#8220;28px&#8220; header_2_font_size_last_edited=&#8220;on|phone&#8220; locked=&#8220;off&#8220; global_colors_info=&#8220;{}&#8220;]<\/p>\n<h2>F\u00fchrung in Geb\u00e4rdensprache<\/h2>\n<p>[\/et_pb_text][et_pb_text _builder_version=&#8220;4.27.4&#8243; _module_preset=&#8220;16a54059-cc81-4572-9c70-eda6a6c419bf&#8220; text_font=&#8220;&#8211;et_global_body_font||||||||&#8220; text_text_color=&#8220;#FFFFFF&#8220; hover_enabled=&#8220;0&#8243; text_font_size_tablet=&#8220;15px&#8220; text_font_size_phone=&#8220;14px&#8220; text_font_size_last_edited=&#8220;on|phone&#8220; header_font_size_tablet=&#8220;55px&#8220; header_font_size_last_edited=&#8220;off|desktop&#8220; locked=&#8220;off&#8220; global_colors_info=&#8220;{}&#8220; sticky_enabled=&#8220;0&#8243;]<\/p>\n<p>Gef\u00fchrte Besichtigungen f\u00fchren wir nach vorheriger Anmeldung f\u00fcr alle interessierten Besucher durch.<\/p>\n<p>Au\u00dferdem k\u00f6nnen Sie uns jeden Samstag um 11:00 Uhr zu den \u00f6ffentlichen F\u00fchrungen durch das Schloss Bogen\u0161perk begleiten. Reservierungen sind nicht erforderlich und es fallen keine zus\u00e4tzlichen Kosten f\u00fcr die F\u00fchrung an.<\/p>\n<p>Verpassen Sie nicht auch die wundersch\u00f6ne Schlossumgebung: Spazieren Sie durch den Schlosspark, begeben Sie sich auf einen der vielen Wanderwege in der n\u00e4heren Umgebung und entdecken Sie die Sch\u00f6nheit der nordslowenischen H\u00fcgel und ihre reiche Geschichte.<\/p>\n<p>[\/et_pb_text][\/et_pb_column][et_pb_column type=&#8220;1_2&#8243; _builder_version=&#8220;4.16&#8243; _module_preset=&#8220;default&#8220; global_colors_info=&#8220;{}&#8220;][et_pb_image src=&#8220;https:\/\/bogensperk.si\/wp-content\/uploads\/2025\/02\/8.februar-2025-anze-malis-scaled.jpg&#8220; title_text=&#8220;8.februar-2025-an\u017ee malis&#8220; _builder_version=&#8220;4.27.4&#8243; _module_preset=&#8220;default&#8220; global_colors_info=&#8220;{}&#8220;][\/et_pb_image][\/et_pb_column][\/et_pb_row][\/et_pb_section][et_pb_section fb_built=&#8220;1&#8243; admin_label=&#8220;Texts&#8220; _builder_version=&#8220;4.27.0&#8243; _module_preset=&#8220;default&#8220; background_color=&#8220;RGBA(255,255,255,0)&#8220; collapsed=&#8220;off&#8220; global_colors_info=&#8220;{}&#8220;][et_pb_row column_structure=&#8220;1_2,1_2&#8243; admin_label=&#8220;Cerkev&#8220; _builder_version=&#8220;4.27.4&#8243; _module_preset=&#8220;default&#8220; collapsed=&#8220;on&#8220; global_colors_info=&#8220;{}&#8220;][et_pb_column type=&#8220;1_2&#8243; _builder_version=&#8220;4.16&#8243; _module_preset=&#8220;default&#8220; global_colors_info=&#8220;{}&#8220;][et_pb_image src=&#8220;https:\/\/bogensperk.si\/wp-content\/uploads\/2025\/02\/graficna-delavnica-izrez-1-scaled.jpg&#8220; alt=&#8220;Grajska knji\u017enica Bogen\u0161perk&#8220; title_text=&#8220;grafi\u010dna delavnica- izrez&#8220; _builder_version=&#8220;4.27.4&#8243; _module_preset=&#8220;default&#8220; global_colors_info=&#8220;{}&#8220;][\/et_pb_image][\/et_pb_column][et_pb_column type=&#8220;1_2&#8243; _builder_version=&#8220;4.16&#8243; _module_preset=&#8220;default&#8220; global_colors_info=&#8220;{}&#8220;][et_pb_text _builder_version=&#8220;4.27.4&#8243; _module_preset=&#8220;c6d6f7af-6ac8-4ba6-9488-2a218606aaa8&#8243; header_2_font=&#8220;&#8211;et_global_heading_font|500|||||||&#8220; header_2_text_color=&#8220;#5D201C&#8220; header_2_font_size=&#8220;40px&#8220; header_2_line_height=&#8220;1.2em&#8220; custom_margin=&#8220;||0px||false|false&#8220; header_2_font_size_tablet=&#8220;65px&#8220; header_2_font_size_phone=&#8220;28px&#8220; header_2_font_size_last_edited=&#8220;on|phone&#8220; locked=&#8220;off&#8220; global_colors_info=&#8220;{}&#8220;]<\/p>\n<h2>Grafik workshop<\/h2>\n<p>[\/et_pb_text][et_pb_text _builder_version=&#8220;4.27.4&#8243; _module_preset=&#8220;16a54059-cc81-4572-9c70-eda6a6c419bf&#8220; text_font=&#8220;&#8211;et_global_body_font||||||||&#8220; text_text_color=&#8220;#000000&#8243; hover_enabled=&#8220;0&#8243; text_font_size_tablet=&#8220;15px&#8220; text_font_size_phone=&#8220;14px&#8220; text_font_size_last_edited=&#8220;on|phone&#8220; header_font_size_tablet=&#8220;55px&#8220; header_font_size_last_edited=&#8220;off|desktop&#8220; locked=&#8220;off&#8220; global_colors_info=&#8220;{}&#8220; sticky_enabled=&#8220;0&#8243;]<\/p>\n<p>Erleben Sie eine einzigartige und kreative Erfahrung in unserer Grafikwerkstatt, die f\u00fcr Gruppen von j\u00fcngeren oder \u00e4lteren Teilnehmern geeignet ist. In der inspirierenden Atmosph\u00e4re des Schlosses Bogen\u0161perk werden Sie traditionelle Drucktechniken kennenlernen, die das 17. Jahrhundert pr\u00e4gten, und sich anschlie\u00dfend in einer moderneren Version \u2013 dem Linolschnitt \u2013 versuchen. Unter fachkundiger Anleitung werden Sie zun\u00e4chst die Geheimnisse des Kupferstichs und der Arbeitsweise einer Druckwerkstatt entdecken und dann ein grafisches Motiv entwerfen und auf Papier drucken. Die Werkstatt ist eine ausgezeichnete Gelegenheit f\u00fcr entspanntes Beisammensein, die Entwicklung von Kreativit\u00e4t und Teamgeist.<\/p>\n<p>[\/et_pb_text][\/et_pb_column][\/et_pb_row][\/et_pb_section][et_pb_section fb_built=&#8220;1&#8243; admin_label=&#8220;Schedule&#8220; _builder_version=&#8220;4.27.2&#8243; _module_preset=&#8220;default&#8220; background_color=&#8220;#5D201C&#8220; custom_padding=&#8220;||||false|false&#8220; locked=&#8220;off&#8220; collapsed=&#8220;on&#8220; global_colors_info=&#8220;{}&#8220;][et_pb_row column_structure=&#8220;1_2,1_2&#8243; admin_label=&#8220;Bogen\u010dara&#8220; _builder_version=&#8220;4.27.4&#8243; _module_preset=&#8220;default&#8220; global_colors_info=&#8220;{}&#8220;][et_pb_column type=&#8220;1_2&#8243; _builder_version=&#8220;4.16&#8243; _module_preset=&#8220;default&#8220; global_colors_info=&#8220;{}&#8220;][et_pb_text _builder_version=&#8220;4.27.4&#8243; _module_preset=&#8220;c6d6f7af-6ac8-4ba6-9488-2a218606aaa8&#8243; header_2_font=&#8220;&#8211;et_global_heading_font|500|||||||&#8220; header_2_text_color=&#8220;#FFFFFF&#8220; header_2_font_size=&#8220;40px&#8220; header_2_line_height=&#8220;1.2em&#8220; custom_margin=&#8220;||0px||false|false&#8220; header_2_font_size_tablet=&#8220;65px&#8220; header_2_font_size_phone=&#8220;28px&#8220; header_2_font_size_last_edited=&#8220;on|phone&#8220; locked=&#8220;off&#8220; global_colors_info=&#8220;{}&#8220;]<\/p>\n<h2>Bogen\u010dara<\/h2>\n<p>[\/et_pb_text][et_pb_text _builder_version=&#8220;4.27.4&#8243; _module_preset=&#8220;16a54059-cc81-4572-9c70-eda6a6c419bf&#8220; text_font=&#8220;&#8211;et_global_body_font||||||||&#8220; text_text_color=&#8220;#FFFFFF&#8220; hover_enabled=&#8220;0&#8243; text_font_size_tablet=&#8220;15px&#8220; text_font_size_phone=&#8220;14px&#8220; text_font_size_last_edited=&#8220;on|phone&#8220; header_font_size_tablet=&#8220;55px&#8220; header_font_size_last_edited=&#8220;off|desktop&#8220; locked=&#8220;off&#8220; global_colors_info=&#8220;{}&#8220; sticky_enabled=&#8220;0&#8243;]<\/p>\n<p>Auf Schloss Bogen\u0161perk lebt auch die freundliche Hexe Bogen\u010dara. Auf Schloss Bogen\u0161perk lebt auch die freundliche Hexe Bogen\u010dara.<br \/>Obwohl sie die meiste Zeit in ihren Gem\u00e4chern versteckt ist, wo sie sch\u00f6nes Wetter braut oder das Fliegen auf ihrem Besen \u00fcbt, nimmt sie gerne an den Veranstaltungen teil, die wir auf dem Schloss organisieren \u2013 vor allem f\u00fcr die J\u00fcngsten. So wird sie bei unserer traditionellen Veranstaltung \u201eHexennacht auf Schloss Bogen\u0161perk\u201c, bei den M\u00e4rchenstunden oder bei der Schatzsuche anzutreffen sein, zu der wir im Fr\u00fchling Familien einladen.<\/p>\n<p>[\/et_pb_text][\/et_pb_column][et_pb_column type=&#8220;1_2&#8243; _builder_version=&#8220;4.16&#8243; _module_preset=&#8220;default&#8220; global_colors_info=&#8220;{}&#8220;][et_pb_image src=&#8220;https:\/\/bogensperk.si\/wp-content\/uploads\/2024\/12\/Bogencara.webp&#8220; title_text=&#8220;Bogencara&#8220; _builder_version=&#8220;4.27.4&#8243; _module_preset=&#8220;default&#8220; global_colors_info=&#8220;{}&#8220;][\/et_pb_image][\/et_pb_column][\/et_pb_row][\/et_pb_section][et_pb_section fb_built=&#8220;1&#8243; admin_label=&#8220;Texts&#8220; _builder_version=&#8220;4.27.0&#8243; _module_preset=&#8220;default&#8220; background_color=&#8220;RGBA(255,255,255,0)&#8220; collapsed=&#8220;off&#8220; global_colors_info=&#8220;{}&#8220;][et_pb_row column_structure=&#8220;1_2,1_2&#8243; admin_label=&#8220;Cerkev&#8220; _builder_version=&#8220;4.27.4&#8243; _module_preset=&#8220;default&#8220; collapsed=&#8220;on&#8220; global_colors_info=&#8220;{}&#8220;][et_pb_column type=&#8220;1_2&#8243; _builder_version=&#8220;4.16&#8243; _module_preset=&#8220;default&#8220; global_colors_info=&#8220;{}&#8220;][et_pb_image src=&#8220;https:\/\/bogensperk.si\/wp-content\/uploads\/2025\/03\/20220929_091827-scaled.jpg&#8220; alt=&#8220;Grajska knji\u017enica Bogen\u0161perk&#8220; title_text=&#8220;20220929_091827&#8243; _builder_version=&#8220;4.27.4&#8243; _module_preset=&#8220;default&#8220; global_colors_info=&#8220;{}&#8220;][\/et_pb_image][\/et_pb_column][et_pb_column type=&#8220;1_2&#8243; _builder_version=&#8220;4.16&#8243; _module_preset=&#8220;default&#8220; global_colors_info=&#8220;{}&#8220;][et_pb_text _builder_version=&#8220;4.27.4&#8243; _module_preset=&#8220;c6d6f7af-6ac8-4ba6-9488-2a218606aaa8&#8243; header_2_font=&#8220;&#8211;et_global_heading_font|500|||||||&#8220; header_2_text_color=&#8220;#5D201C&#8220; header_2_font_size=&#8220;40px&#8220; header_2_line_height=&#8220;1.2em&#8220; custom_margin=&#8220;||0px||false|false&#8220; header_2_font_size_tablet=&#8220;65px&#8220; header_2_font_size_phone=&#8220;28px&#8220; header_2_font_size_last_edited=&#8220;on|phone&#8220; locked=&#8220;off&#8220; global_colors_info=&#8220;{}&#8220;]<\/p>\n<h2>Schlossladen<\/h2>\n<p>[\/et_pb_text][et_pb_text _builder_version=&#8220;4.27.4&#8243; _module_preset=&#8220;16a54059-cc81-4572-9c70-eda6a6c419bf&#8220; text_font=&#8220;&#8211;et_global_body_font||||||||&#8220; text_text_color=&#8220;#000000&#8243; hover_enabled=&#8220;0&#8243; text_font_size_tablet=&#8220;15px&#8220; text_font_size_phone=&#8220;14px&#8220; text_font_size_last_edited=&#8220;on|phone&#8220; header_font_size_tablet=&#8220;55px&#8220; header_font_size_last_edited=&#8220;off|desktop&#8220; locked=&#8220;off&#8220; global_colors_info=&#8220;{}&#8220; sticky_enabled=&#8220;0&#8243;]<\/p>\n<p>Schloss Bogen\u0161perk, eines der sch\u00f6nsten und wichtigsten kulturellen Denkm\u00e4ler Sloweniens, enth\u00fcllt den Besuchern die ber\u00fchmten Geschichten seiner ehemaligen Bewohner und l\u00e4sst das Leben auf dem Schloss zurzeit von Janez Vajkard Valvasor wiederaufleben. Im Erdgeschoss bietet es au\u00dferdem eine vielf\u00e4ltige Auswahl an Souvenirs und praktischen Produkten von einheimischen Handwerkern, Kr\u00e4uterkundigen und Grafikern.<br \/>Unter der breiten Auswahl sind Sie eingeladen, ein einzigartiges Geschenk oder Souvenir auszuw\u00e4hlen, das mit den Geschichten von Bogen\u0161perk und seiner Umgebung verbunden ist, sei es f\u00fcr sich selbst oder f\u00fcr Ihre Lieben.<br \/>Das Sortiment in unserem Schlossladen wird auch durch den Laden im Informationszentrum (TIC) in \u0160martno erg\u00e4nzt.<\/p>\n<p>[\/et_pb_text][\/et_pb_column][\/et_pb_row][\/et_pb_section][et_pb_section fb_built=&#8220;1&#8243; admin_label=&#8220;Schedule&#8220; _builder_version=&#8220;4.27.2&#8243; _module_preset=&#8220;default&#8220; background_color=&#8220;#5D201C&#8220; custom_padding=&#8220;||||false|false&#8220; locked=&#8220;off&#8220; collapsed=&#8220;off&#8220; global_colors_info=&#8220;{}&#8220;][et_pb_row column_structure=&#8220;1_2,1_2&#8243; admin_label=&#8220;grajska trgovina&#8220; _builder_version=&#8220;4.27.4&#8243; _module_preset=&#8220;default&#8220; global_colors_info=&#8220;{}&#8220;][et_pb_column type=&#8220;1_2&#8243; _builder_version=&#8220;4.16&#8243; _module_preset=&#8220;default&#8220; global_colors_info=&#8220;{}&#8220;][et_pb_text _builder_version=&#8220;4.27.4&#8243; _module_preset=&#8220;c6d6f7af-6ac8-4ba6-9488-2a218606aaa8&#8243; header_2_font=&#8220;&#8211;et_global_heading_font|500|||||||&#8220; header_2_text_color=&#8220;#FFFFFF&#8220; header_2_font_size=&#8220;40px&#8220; header_2_line_height=&#8220;1.2em&#8220; custom_margin=&#8220;||0px||false|false&#8220; header_2_font_size_tablet=&#8220;65px&#8220; header_2_font_size_phone=&#8220;28px&#8220; header_2_font_size_last_edited=&#8220;on|phone&#8220; locked=&#8220;off&#8220; global_colors_info=&#8220;{}&#8220;]<\/p>\n<h2>Kirche st. Martin<\/h2>\n<p>[\/et_pb_text][et_pb_text _builder_version=&#8220;4.27.4&#8243; _module_preset=&#8220;16a54059-cc81-4572-9c70-eda6a6c419bf&#8220; text_font=&#8220;&#8211;et_global_body_font||||||||&#8220; text_text_color=&#8220;#FFFFFF&#8220; hover_enabled=&#8220;0&#8243; text_font_size_tablet=&#8220;15px&#8220; text_font_size_phone=&#8220;14px&#8220; text_font_size_last_edited=&#8220;on|phone&#8220; header_font_size_tablet=&#8220;55px&#8220; header_font_size_last_edited=&#8220;off|desktop&#8220; locked=&#8220;off&#8220; global_colors_info=&#8220;{}&#8220; sticky_enabled=&#8220;0&#8243;]<\/p>\n<p>Der Besuch von Schloss Bogen\u0161perk kann nach vorheriger Vereinbarung mit einer gef\u00fchrten Besichtigung der St. Martinskirche in \u0160martno pri Litiji kombiniert werden. In der Aussicht auf \u0160martno sticht die imposante Backsteinkirche, die im neugotischen Stil erbaut wurde und zu den gr\u00f6\u00dften in Slowenien geh\u00f6rt, hervor. Sie wurde in den Jahren 1899\u20131901 errichtet und ersetzte eine kleinere, urspr\u00fcnglich mittelalterliche Kirche. Sie ist dem beliebten Heiligen Martin von Tours gewidmet, nach dem der Ort seinen Namen erhielt.<\/p>\n<p>Gef\u00fchrte Besichtigungen sind f\u00fcr Gruppen nach vorheriger Anmeldung m\u00f6glich. F\u00fcr alle Informationen stehen wir Ihnen unter den folgenden Telefonnummern 082 006 168 oder 01 898 76 64 sowie unter E-Mail info@bogensperk.si zur Verf\u00fcgung.<\/p>\n<p>[\/et_pb_text][\/et_pb_column][et_pb_column type=&#8220;1_2&#8243; _builder_version=&#8220;4.16&#8243; _module_preset=&#8220;default&#8220; global_colors_info=&#8220;{}&#8220;][et_pb_image src=&#8220;https:\/\/bogensperk.si\/wp-content\/uploads\/2025\/02\/cerkev-sv.martina-blaz-bratkovic-scaled.jpg&#8220; title_text=&#8220;cerkev-sv.martina-blaz bratkovi\u010d&#8220; _builder_version=&#8220;4.27.4&#8243; _module_preset=&#8220;default&#8220; global_colors_info=&#8220;{}&#8220;][\/et_pb_image][\/et_pb_column][\/et_pb_row][\/et_pb_section]<\/p>\n","protected":false},"excerpt":{"rendered":"<p>ErlebnisseDas Schloss Bogen\u0161perk wird Sie mit einem Spektrum an Erlebnissen verzaubern. Neben dem Besuch der Museumsausstellungen k\u00f6nnen Sie in unserem Museumsshop aus einzigartigen handgefertigten Souvenirs von einheimischen Handwerkern, Kr\u00e4uterexperten und Grafikern w\u00e4hlen, die aktuelle Ausstellung in der Galerie des Schlosses Bogen\u0161perk sowie in der kleinsten Schlossgalerie der Welt besichtigen. F\u00fcr Feinschmecker empfehlen wir einen Besuch im Restaurant Kr\u010dma na gradu und des Weinkellers mit Weinen und Sekten der Schlosslinie Wagen sowie edlen Weinen aus den besten slowenischen Weinregionen, begleitet von K\u00e4se und Wurstwaren lokaler Hersteller.WeinkellerAuf Schloss Bogen\u0161perk k\u00f6nnen Sie ein hervorragendes Wein- und kulinarisches Erlebnis in einem charmant eingerichteten Keller genie\u00dfen, der bereits von Janez Vajkard Valvasor genutzt wurde. Eine sorgf\u00e4ltig ausgew\u00e4hlte Auswahl slowenischer Weine wird durch unsere eigene Wein- und Sektmarke Wagensperg erg\u00e4nzt. Der Weinkeller Bogen\u0161perk, in den lebendigen Felsen eingebaut und mit einem ber\u00fchmten Durchgang zum Brunnen verbunden, bietet eine authentische Verkostung der edelsten Weine slowenischer Winzer, begleitet von K\u00e4se und Wurstwaren lokaler Produzenten. Neben den Weinen und dem Sekt unserer eigenen Marke Wagensperg werden auch ausgew\u00e4hlte Weine von Winzern aus den Weinkellern von Gori\u0161ka Brda, Metlika, Slap aus dem Vipava-Tal, Podravje und der \u00f6rtlichen Winzergenossenschaft \u0160TUC in unseren Weingl\u00e4sern pr\u00e4sentiert.Kr\u010dma na gradu Bogen\u0161perkIm Restaurant Kr\u010dma na gradu [&hellip;]<\/p>\n","protected":false},"author":1,"featured_media":0,"parent":0,"menu_order":0,"comment_status":"closed","ping_status":"closed","template":"","meta":{"_et_pb_use_builder":"on","_et_pb_old_content":"","_et_gb_content_width":"","inline_featured_image":false,"footnotes":""},"class_list":["post-4406073","page","type-page","status-publish","hentry"],"yoast_head":"<!-- This site is optimized with the Yoast SEO plugin v27.4 - https:\/\/yoast.com\/product\/yoast-seo-wordpress\/ -->\n<title>Erlebnisse - Grad Bogen\u0161perk<\/title>\n<meta name=\"description\" content=\"Die Burg Bogen\u0161perk wird Sie mit einem Spektrum von Erlebnissen verzaubern. Sie k\u00f6nnen den Weinkeller und die Taverne auf eigene Faust oder im Rahmen einer F\u00fchrung besuchen, durch den Blumengarten schlendern ...\" \/>\n<meta name=\"robots\" content=\"index, follow, max-snippet:-1, max-image-preview:large, max-video-preview:-1\" \/>\n<link rel=\"canonical\" href=\"https:\/\/bogensperk.si\/de\/erlebnisse\/\" \/>\n<meta property=\"og:locale\" content=\"de_DE\" \/>\n<meta property=\"og:type\" content=\"article\" \/>\n<meta property=\"og:title\" content=\"Erlebnisse - Grad Bogen\u0161perk\" \/>\n<meta property=\"og:description\" content=\"Die Burg Bogen\u0161perk wird Sie mit einem Spektrum von Erlebnissen verzaubern. Sie k\u00f6nnen den Weinkeller und die Taverne auf eigene Faust oder im Rahmen einer F\u00fchrung besuchen, durch den Blumengarten schlendern ...\" \/>\n<meta property=\"og:url\" content=\"https:\/\/bogensperk.si\/de\/erlebnisse\/\" \/>\n<meta property=\"og:site_name\" content=\"Grad Bogen\u0161perk\" \/>\n<meta property=\"article:modified_time\" content=\"2025-03-15T06:36:58+00:00\" \/>\n<meta property=\"og:image\" content=\"https:\/\/bogensperk.si\/wp-content\/uploads\/2025\/02\/izrez-pogled-na-teraso-scaled.jpg\" \/>\n\t<meta property=\"og:image:width\" content=\"2560\" \/>\n\t<meta property=\"og:image:height\" content=\"1575\" \/>\n\t<meta property=\"og:image:type\" content=\"image\/jpeg\" \/>\n<meta name=\"twitter:card\" content=\"summary_large_image\" \/>\n<meta name=\"twitter:label1\" content=\"Gesch\u00e4tzte Lesezeit\" \/>\n\t<meta name=\"twitter:data1\" content=\"7\u00a0Minuten\" \/>\n<script type=\"application\/ld+json\" class=\"yoast-schema-graph\">{\"@context\":\"https:\\\/\\\/schema.org\",\"@graph\":[{\"@type\":\"WebPage\",\"@id\":\"https:\\\/\\\/bogensperk.si\\\/de\\\/erlebnisse\\\/\",\"url\":\"https:\\\/\\\/bogensperk.si\\\/de\\\/erlebnisse\\\/\",\"name\":\"Erlebnisse - Grad Bogen\u0161perk\",\"isPartOf\":{\"@id\":\"https:\\\/\\\/bogensperk.si\\\/de\\\/#website\"},\"datePublished\":\"2024-12-04T06:19:16+00:00\",\"dateModified\":\"2025-03-15T06:36:58+00:00\",\"description\":\"Die Burg Bogen\u0161perk wird Sie mit einem Spektrum von Erlebnissen verzaubern. Sie k\u00f6nnen den Weinkeller und die Taverne auf eigene Faust oder im Rahmen einer F\u00fchrung besuchen, durch den Blumengarten schlendern ...\",\"breadcrumb\":{\"@id\":\"https:\\\/\\\/bogensperk.si\\\/de\\\/erlebnisse\\\/#breadcrumb\"},\"inLanguage\":\"de\",\"potentialAction\":[{\"@type\":\"ReadAction\",\"target\":[\"https:\\\/\\\/bogensperk.si\\\/de\\\/erlebnisse\\\/\"]}]},{\"@type\":\"BreadcrumbList\",\"@id\":\"https:\\\/\\\/bogensperk.si\\\/de\\\/erlebnisse\\\/#breadcrumb\",\"itemListElement\":[{\"@type\":\"ListItem\",\"position\":1,\"name\":\"Home\",\"item\":\"https:\\\/\\\/bogensperk.si\\\/de\\\/\"},{\"@type\":\"ListItem\",\"position\":2,\"name\":\"Erlebnisse\"}]},{\"@type\":\"WebSite\",\"@id\":\"https:\\\/\\\/bogensperk.si\\\/de\\\/#website\",\"url\":\"https:\\\/\\\/bogensperk.si\\\/de\\\/\",\"name\":\"Grad Bogen\u0161perk\",\"description\":\"Renesan\u010dni grad Bogen\u0161perk, prostor mnogih kulturnih dogodkov.\",\"potentialAction\":[{\"@type\":\"SearchAction\",\"target\":{\"@type\":\"EntryPoint\",\"urlTemplate\":\"https:\\\/\\\/bogensperk.si\\\/de\\\/?s={search_term_string}\"},\"query-input\":{\"@type\":\"PropertyValueSpecification\",\"valueRequired\":true,\"valueName\":\"search_term_string\"}}],\"inLanguage\":\"de\"}]}<\/script>\n<!-- \/ Yoast SEO plugin. -->","yoast_head_json":{"title":"Erlebnisse - Grad Bogen\u0161perk","description":"Die Burg Bogen\u0161perk wird Sie mit einem Spektrum von Erlebnissen verzaubern. Sie k\u00f6nnen den Weinkeller und die Taverne auf eigene Faust oder im Rahmen einer F\u00fchrung besuchen, durch den Blumengarten schlendern ...","robots":{"index":"index","follow":"follow","max-snippet":"max-snippet:-1","max-image-preview":"max-image-preview:large","max-video-preview":"max-video-preview:-1"},"canonical":"https:\/\/bogensperk.si\/de\/erlebnisse\/","og_locale":"de_DE","og_type":"article","og_title":"Erlebnisse - Grad Bogen\u0161perk","og_description":"Die Burg Bogen\u0161perk wird Sie mit einem Spektrum von Erlebnissen verzaubern. Sie k\u00f6nnen den Weinkeller und die Taverne auf eigene Faust oder im Rahmen einer F\u00fchrung besuchen, durch den Blumengarten schlendern ...","og_url":"https:\/\/bogensperk.si\/de\/erlebnisse\/","og_site_name":"Grad Bogen\u0161perk","article_modified_time":"2025-03-15T06:36:58+00:00","og_image":[{"width":2560,"height":1575,"url":"https:\/\/bogensperk.si\/wp-content\/uploads\/2025\/02\/izrez-pogled-na-teraso-scaled.jpg","type":"image\/jpeg"}],"twitter_card":"summary_large_image","twitter_misc":{"Gesch\u00e4tzte Lesezeit":"7\u00a0Minuten"},"schema":{"@context":"https:\/\/schema.org","@graph":[{"@type":"WebPage","@id":"https:\/\/bogensperk.si\/de\/erlebnisse\/","url":"https:\/\/bogensperk.si\/de\/erlebnisse\/","name":"Erlebnisse - Grad Bogen\u0161perk","isPartOf":{"@id":"https:\/\/bogensperk.si\/de\/#website"},"datePublished":"2024-12-04T06:19:16+00:00","dateModified":"2025-03-15T06:36:58+00:00","description":"Die Burg Bogen\u0161perk wird Sie mit einem Spektrum von Erlebnissen verzaubern. Sie k\u00f6nnen den Weinkeller und die Taverne auf eigene Faust oder im Rahmen einer F\u00fchrung besuchen, durch den Blumengarten schlendern ...","breadcrumb":{"@id":"https:\/\/bogensperk.si\/de\/erlebnisse\/#breadcrumb"},"inLanguage":"de","potentialAction":[{"@type":"ReadAction","target":["https:\/\/bogensperk.si\/de\/erlebnisse\/"]}]},{"@type":"BreadcrumbList","@id":"https:\/\/bogensperk.si\/de\/erlebnisse\/#breadcrumb","itemListElement":[{"@type":"ListItem","position":1,"name":"Home","item":"https:\/\/bogensperk.si\/de\/"},{"@type":"ListItem","position":2,"name":"Erlebnisse"}]},{"@type":"WebSite","@id":"https:\/\/bogensperk.si\/de\/#website","url":"https:\/\/bogensperk.si\/de\/","name":"Grad Bogen\u0161perk","description":"Renesan\u010dni grad Bogen\u0161perk, prostor mnogih kulturnih dogodkov.","potentialAction":[{"@type":"SearchAction","target":{"@type":"EntryPoint","urlTemplate":"https:\/\/bogensperk.si\/de\/?s={search_term_string}"},"query-input":{"@type":"PropertyValueSpecification","valueRequired":true,"valueName":"search_term_string"}}],"inLanguage":"de"}]}},"_links":{"self":[{"href":"https:\/\/bogensperk.si\/de\/wp-json\/wp\/v2\/pages\/4406073","targetHints":{"allow":["GET"]}}],"collection":[{"href":"https:\/\/bogensperk.si\/de\/wp-json\/wp\/v2\/pages"}],"about":[{"href":"https:\/\/bogensperk.si\/de\/wp-json\/wp\/v2\/types\/page"}],"author":[{"embeddable":true,"href":"https:\/\/bogensperk.si\/de\/wp-json\/wp\/v2\/users\/1"}],"replies":[{"embeddable":true,"href":"https:\/\/bogensperk.si\/de\/wp-json\/wp\/v2\/comments?post=4406073"}],"version-history":[{"count":7,"href":"https:\/\/bogensperk.si\/de\/wp-json\/wp\/v2\/pages\/4406073\/revisions"}],"predecessor-version":[{"id":4406225,"href":"https:\/\/bogensperk.si\/de\/wp-json\/wp\/v2\/pages\/4406073\/revisions\/4406225"}],"wp:attachment":[{"href":"https:\/\/bogensperk.si\/de\/wp-json\/wp\/v2\/media?parent=4406073"}],"curies":[{"name":"wp","href":"https:\/\/api.w.org\/{rel}","templated":true}]}}